{"id":502,"date":"2026-04-12T15:04:11","date_gmt":"2026-04-12T15:04:11","guid":{"rendered":"http:\/\/aineterhof.local\/?page_id=502"},"modified":"2026-04-12T22:09:12","modified_gmt":"2026-04-12T22:09:12","slug":"aktivaten-sommer","status":"publish","type":"page","link":"https:\/\/aineterhof.com\/stagingaineterhof\/de\/aktivaten-sommer\/","title":{"rendered":"Activities sommer &#8211; N\u00e9met"},"content":{"rendered":"\t\t<div data-elementor-type=\"wp-page\" data-elementor-id=\"502\" class=\"elementor elementor-502\" data-elementor-post-type=\"page\">\n\t\t\t\t<div class=\"elementor-element elementor-element-fbaf6dd e-con-full e-flex e-con e-parent\" data-id=\"fbaf6dd\" data-element_type=\"container\" data-e-type=\"container\" data-settings=\"{&quot;background_background&quot;:&quot;classic&quot;}\">\n\t\t\t\t<div class=\"elementor-element elementor-element-1a5884c elementor-widget elementor-widget-heading\" data-id=\"1a5884c\" data-element_type=\"widget\" data-e-type=\"widget\" data-widget_type=\"heading.default\">\n\t\t\t\t\t<p class=\"elementor-heading-title elementor-size-default\">DIE REGION ENTDECKEN<\/p>\t\t\t\t<\/div>\n\t\t\t\t<div class=\"elementor-element elementor-element-6f9769e elementor-widget elementor-widget-heading\" data-id=\"6f9769e\" data-element_type=\"widget\" data-e-type=\"widget\" data-widget_type=\"heading.default\">\n\t\t\t\t\t<h1 class=\"elementor-heading-title elementor-size-default\">Aktivit\u00e4ten<\/h1>\t\t\t\t<\/div>\n\t\t\t\t<\/div>\n\t\t<div class=\"elementor-element elementor-element-5425b86d e-con-full e-flex e-con e-parent\" data-id=\"5425b86d\" data-element_type=\"container\" data-e-type=\"container\" data-settings=\"{&quot;background_background&quot;:&quot;classic&quot;}\">\n\t\t<div class=\"elementor-element elementor-element-30dcb506 e-con-full e-flex e-con e-child\" data-id=\"30dcb506\" data-element_type=\"container\" data-e-type=\"container\">\n\t\t<div class=\"elementor-element elementor-element-2dd6098b e-con-full e-flex e-con e-child\" data-id=\"2dd6098b\" data-element_type=\"container\" data-e-type=\"container\">\n\t\t\t\t<div class=\"elementor-element elementor-element-4ffec66 elementor-widget elementor-widget-heading\" data-id=\"4ffec66\" data-element_type=\"widget\" data-e-type=\"widget\" data-widget_type=\"heading.default\">\n\t\t\t\t\t<p class=\"elementor-heading-title elementor-size-default\">JUNI \u2013 SEPTEMBER<\/p>\t\t\t\t<\/div>\n\t\t\t\t<div class=\"elementor-element elementor-element-6b373e8f elementor-widget elementor-widget-heading\" data-id=\"6b373e8f\" data-element_type=\"widget\" data-e-type=\"widget\" data-widget_type=\"heading.default\">\n\t\t\t\t\t<h2 class=\"elementor-heading-title elementor-size-default\">Sommer<\/h2>\t\t\t\t<\/div>\n\t\t\t\t<\/div>\n\t\t\t\t<\/div>\n\t\t<div class=\"elementor-element elementor-element-bcfd2d4 e-con-full e-flex e-con e-child\" data-id=\"bcfd2d4\" data-element_type=\"container\" data-e-type=\"container\">\n\t\t<div class=\"elementor-element elementor-element-4f870fca e-con-full e-flex e-con e-child\" data-id=\"4f870fca\" data-element_type=\"container\" data-e-type=\"container\" data-settings=\"{&quot;background_background&quot;:&quot;classic&quot;}\">\n\t\t\t\t<\/div>\n\t\t<div class=\"elementor-element elementor-element-3913b7f6 e-con-full e-flex e-con e-child\" data-id=\"3913b7f6\" data-element_type=\"container\" data-e-type=\"container\">\n\t\t\t\t<div class=\"elementor-element elementor-element-64ea58e7 elementor-widget elementor-widget-heading\" data-id=\"64ea58e7\" data-element_type=\"widget\" data-e-type=\"widget\" data-widget_type=\"heading.default\">\n\t\t\t\t\t<h3 class=\"elementor-heading-title elementor-size-default\">Highlights<\/h3>\t\t\t\t<\/div>\n\t\t\t\t<div class=\"elementor-element elementor-element-a27fb00 elementor-widget elementor-widget-text-editor\" data-id=\"a27fb00\" data-element_type=\"widget\" data-e-type=\"widget\" data-widget_type=\"text-editor.default\">\n\t\t\t\t\t\t\t\t\t<p style=\"font-family: Inter,sans-serif; font-size: 14.4px; font-weight: 400; color: #78716c; line-height: 1.625; margin: 0 0 32px 0;\">Zu den eindrucksvollsten Erlebnissen der Region geh\u00f6ren Aktivit\u00e4ten, die alpine Landschaft, Bewegung und Abenteuer miteinander verbinden. Von Flusssportarten \u00fcber Bergtouren bis hin zu Panoramaerlebnissen aus der Luft z\u00e4hlen diese Angebote zu den beliebtesten M\u00f6glichkeiten f\u00fcr G\u00e4ste, die ihren Aufenthalt besonders intensiv genie\u00dfen m\u00f6chten.<\/p>\t\t\t\t\t\t\t\t<\/div>\n\t\t\t\t<div class=\"elementor-element elementor-element-3fcfb88e elementor-widget elementor-widget-text-editor\" data-id=\"3fcfb88e\" data-element_type=\"widget\" data-e-type=\"widget\" data-widget_type=\"text-editor.default\">\n\t\t\t\t\t\t\t\t\t<p style=\"font-family: Inter,sans-serif; font-size: 14.4px; font-weight: 400; color: #78716c; line-height: 1.625; margin: 0 0 32px 0;\">\u2014 Rafting auf der Isel<br>\u2014 MTB- \/ E-Bike-Touren (z. B. Zettersfeld, Hochstein)<br>\u2014 Via-ferrata-Routen in den Lienzer Dolomiten<br>\u2014 Paragleiten (Start am Zettersfeld)<\/p>\t\t\t\t\t\t\t\t<\/div>\n\t\t\t\t<\/div>\n\t\t\t\t<\/div>\n\t\t\t\t<div class=\"elementor-element elementor-element-dd0b894 elementor-widget elementor-widget-spacer\" data-id=\"dd0b894\" data-element_type=\"widget\" data-e-type=\"widget\" data-widget_type=\"spacer.default\">\n\t\t\t\t\t\t\t<div class=\"elementor-spacer\">\n\t\t\t<div class=\"elementor-spacer-inner\"><\/div>\n\t\t<\/div>\n\t\t\t\t\t\t<\/div>\n\t\t<div class=\"elementor-element elementor-element-57cb5f30 e-con-full e-flex e-con e-child\" data-id=\"57cb5f30\" data-element_type=\"container\" data-e-type=\"container\">\n\t\t<div class=\"elementor-element elementor-element-1fc0b0af e-con-full e-flex e-con e-child\" data-id=\"1fc0b0af\" data-element_type=\"container\" data-e-type=\"container\">\n\t\t\t\t<div class=\"elementor-element elementor-element-3c52b79d elementor-widget elementor-widget-heading\" data-id=\"3c52b79d\" data-element_type=\"widget\" data-e-type=\"widget\" data-widget_type=\"heading.default\">\n\t\t\t\t\t<h3 class=\"elementor-heading-title elementor-size-default\">Wandern<\/h3>\t\t\t\t<\/div>\n\t\t\t\t<div class=\"elementor-element elementor-element-feaeafa elementor-widget elementor-widget-text-editor\" data-id=\"feaeafa\" data-element_type=\"widget\" data-e-type=\"widget\" data-widget_type=\"text-editor.default\">\n\t\t\t\t\t\t\t\t\t<p style=\"font-family: Inter,sans-serif; font-size: 14.4px; font-weight: 400; color: #78716c; line-height: 1.625; margin: 0 0 32px 0;\">Die Region bietet eine gro\u00dfe Vielfalt an Wanderwegen \u2013 von entspannten Spazierg\u00e4ngen bis hin zu aussichtsreichen Panoramatouren. G\u00e4ste k\u00f6nnen einige der bekanntesten Routen Osttirols entdecken, ob entlang von Seen, durch das Tal oder zu eindrucksvollen Aussichtspunkten in den Bergen. Dank des abwechslungsreichen Gel\u00e4ndes findet sich f\u00fcr jedes Tempo und jedes Interesse die passende Tour.<\/p>\t\t\t\t\t\t\t\t<\/div>\n\t\t\t\t<div class=\"elementor-element elementor-element-4dec6809 elementor-widget elementor-widget-text-editor\" data-id=\"4dec6809\" data-element_type=\"widget\" data-e-type=\"widget\" data-widget_type=\"text-editor.default\">\n\t\t\t\t\t\t\t\t\t<p style=\"font-family: Inter,sans-serif; font-size: 14.4px; font-weight: 400; color: #78716c; line-height: 1.625; margin: 0 0 32px 0;\">\u2014 Wanderung zur Dolomitenh\u00fctte<br>\u2014 Iseltrail<br>\u2014 Rundweg am Tristacher See<br>\u2014 Panoramawanderungen am Hochstein \/ Zettersfeld<br>\u2014 Walter Mair Weg<\/p>\t\t\t\t\t\t\t\t<\/div>\n\t\t\t\t<\/div>\n\t\t<div class=\"elementor-element elementor-element-4cc0419b e-con-full e-flex e-con e-child\" data-id=\"4cc0419b\" data-element_type=\"container\" data-e-type=\"container\" data-settings=\"{&quot;background_background&quot;:&quot;classic&quot;}\">\n\t\t\t\t<\/div>\n\t\t\t\t<\/div>\n\t\t\t\t<div class=\"elementor-element elementor-element-fdcf9d5 elementor-widget elementor-widget-spacer\" data-id=\"fdcf9d5\" data-element_type=\"widget\" data-e-type=\"widget\" data-widget_type=\"spacer.default\">\n\t\t\t\t\t\t\t<div class=\"elementor-spacer\">\n\t\t\t<div class=\"elementor-spacer-inner\"><\/div>\n\t\t<\/div>\n\t\t\t\t\t\t<\/div>\n\t\t<div class=\"elementor-element elementor-element-bdaaa2e e-con-full e-flex e-con e-child\" data-id=\"bdaaa2e\" data-element_type=\"container\" data-e-type=\"container\">\n\t\t<div class=\"elementor-element elementor-element-94b8de7 e-con-full e-flex e-con e-child\" data-id=\"94b8de7\" data-element_type=\"container\" data-e-type=\"container\" data-settings=\"{&quot;background_background&quot;:&quot;classic&quot;}\">\n\t\t\t\t<\/div>\n\t\t<div class=\"elementor-element elementor-element-06ee4f6 e-con-full e-flex e-con e-child\" data-id=\"06ee4f6\" data-element_type=\"container\" data-e-type=\"container\">\n\t\t\t\t<div class=\"elementor-element elementor-element-99725fa elementor-widget elementor-widget-heading\" data-id=\"99725fa\" data-element_type=\"widget\" data-e-type=\"widget\" data-widget_type=\"heading.default\">\n\t\t\t\t\t<h3 class=\"elementor-heading-title elementor-size-default\">Radfahren<\/h3>\t\t\t\t<\/div>\n\t\t\t\t<div class=\"elementor-element elementor-element-8fbbe9e elementor-widget elementor-widget-text-editor\" data-id=\"8fbbe9e\" data-element_type=\"widget\" data-e-type=\"widget\" data-widget_type=\"text-editor.default\">\n\t\t\t\t\t\t\t\t\t<p style=\"font-family: Inter,sans-serif; font-size: 14.4px; font-weight: 400; color: #78716c; line-height: 1.625; margin: 0 0 32px 0;\">Osttirol ist ein ideales Ziel f\u00fcr alle, die alpine Landschaften auf zwei R\u00e4dern entdecken m\u00f6chten. Von entspannten Radwegen im Tal bis zu anspruchsvolleren Bergstrecken bietet die Umgebung zahlreiche M\u00f6glichkeiten f\u00fcr aktive G\u00e4ste. Radfahren verbindet hier Bewegung, frische Luft und eindrucksvolle Naturerlebnisse auf besonders sch\u00f6ne Weise.<\/p>\t\t\t\t\t\t\t\t<\/div>\n\t\t\t\t<div class=\"elementor-element elementor-element-765cb6f elementor-widget elementor-widget-text-editor\" data-id=\"765cb6f\" data-element_type=\"widget\" data-e-type=\"widget\" data-widget_type=\"text-editor.default\">\n\t\t\t\t\t\t\t\t\t<p style=\"font-family: Inter,sans-serif; font-size: 14.4px; font-weight: 400; color: #78716c; line-height: 1.625; margin: 0 0 32px 0;\">\u2014 Iseltal-Radweg (f\u00fchrt auch durch Ainet)<br>\u2014 MTB- und Singletrail-Strecken<br>\u2014 E-Bike-Bergtouren<br>\u2014 Rennrad-Routen<\/p>\t\t\t\t\t\t\t\t<\/div>\n\t\t\t\t<\/div>\n\t\t\t\t<\/div>\n\t\t\t\t<div class=\"elementor-element elementor-element-25f99ff elementor-widget elementor-widget-spacer\" data-id=\"25f99ff\" data-element_type=\"widget\" data-e-type=\"widget\" data-widget_type=\"spacer.default\">\n\t\t\t\t\t\t\t<div class=\"elementor-spacer\">\n\t\t\t<div class=\"elementor-spacer-inner\"><\/div>\n\t\t<\/div>\n\t\t\t\t\t\t<\/div>\n\t\t\t\t<div class=\"elementor-element elementor-element-523acf8 elementor-widget elementor-widget-spacer\" data-id=\"523acf8\" data-element_type=\"widget\" data-e-type=\"widget\" data-widget_type=\"spacer.default\">\n\t\t\t\t\t\t\t<div class=\"elementor-spacer\">\n\t\t\t<div class=\"elementor-spacer-inner\"><\/div>\n\t\t<\/div>\n\t\t\t\t\t\t<\/div>\n\t\t\t\t<div class=\"elementor-element elementor-element-2afd89e elementor-widget elementor-widget-spacer\" data-id=\"2afd89e\" data-element_type=\"widget\" data-e-type=\"widget\" data-widget_type=\"spacer.default\">\n\t\t\t\t\t\t\t<div class=\"elementor-spacer\">\n\t\t\t<div class=\"elementor-spacer-inner\"><\/div>\n\t\t<\/div>\n\t\t\t\t\t\t<\/div>\n\t\t<div class=\"elementor-element elementor-element-4fcb4b0 e-con-full e-flex e-con e-child\" data-id=\"4fcb4b0\" data-element_type=\"container\" data-e-type=\"container\">\n\t\t<div class=\"elementor-element elementor-element-2bc65f3 e-con-full e-flex e-con e-child\" data-id=\"2bc65f3\" data-element_type=\"container\" data-e-type=\"container\">\n\t\t\t\t<div class=\"elementor-element elementor-element-4f7ef0e elementor-widget elementor-widget-heading\" data-id=\"4f7ef0e\" data-element_type=\"widget\" data-e-type=\"widget\" data-widget_type=\"heading.default\">\n\t\t\t\t\t<h3 class=\"elementor-heading-title elementor-size-default\">Wassererlebnisse<\/h3>\t\t\t\t<\/div>\n\t\t\t\t<div class=\"elementor-element elementor-element-b966bd1 elementor-widget elementor-widget-text-editor\" data-id=\"b966bd1\" data-element_type=\"widget\" data-e-type=\"widget\" data-widget_type=\"text-editor.default\">\n\t\t\t\t\t\t\t\t\t<p style=\"font-family: Inter,sans-serif; font-size: 14.4px; font-weight: 400; color: #78716c; line-height: 1.625; margin: 0 0 32px 0;\">In den warmen Monaten bieten die Fl\u00fcsse, Seen und Naturschaupl\u00e4tze der Region erfrischende M\u00f6glichkeiten f\u00fcr aktive und entspannte Stunden im Freien. Von sportlichen Wasseraktivit\u00e4ten bis hin zu ruhigen Momenten am See gibt es viele Wege, die Landschaft aus einer anderen Perspektive zu erleben. Wasserf\u00e4lle und Schluchten machen das Sommererlebnis zus\u00e4tzlich abwechslungsreich.<\/p>\t\t\t\t\t\t\t\t<\/div>\n\t\t\t\t<div class=\"elementor-element elementor-element-08b725d elementor-widget elementor-widget-text-editor\" data-id=\"08b725d\" data-element_type=\"widget\" data-e-type=\"widget\" data-widget_type=\"text-editor.default\">\n\t\t\t\t\t\t\t\t\t<p style=\"font-family: Inter,sans-serif; font-size: 14.4px; font-weight: 400; color: #78716c; line-height: 1.625; margin: 0 0 32px 0;\">\u2014 Rafting, Kajak und Canyoning im Gebiet der Isel<br>\u2014 Baden: Tristacher See<br>\u2014 Wasserf\u00e4lle und Schluchten entdecken<\/p>\t\t\t\t\t\t\t\t<\/div>\n\t\t\t\t<\/div>\n\t\t<div class=\"elementor-element elementor-element-40bf8bf e-con-full e-flex e-con e-child\" data-id=\"40bf8bf\" data-element_type=\"container\" data-e-type=\"container\" data-settings=\"{&quot;background_background&quot;:&quot;classic&quot;}\">\n\t\t\t\t<\/div>\n\t\t\t\t<\/div>\n\t\t\t\t<div class=\"elementor-element elementor-element-7898cf1 elementor-widget elementor-widget-spacer\" data-id=\"7898cf1\" data-element_type=\"widget\" data-e-type=\"widget\" data-widget_type=\"spacer.default\">\n\t\t\t\t\t\t\t<div class=\"elementor-spacer\">\n\t\t\t<div class=\"elementor-spacer-inner\"><\/div>\n\t\t<\/div>\n\t\t\t\t\t\t<\/div>\n\t\t<div class=\"elementor-element elementor-element-e173af5 e-con-full e-flex e-con e-child\" data-id=\"e173af5\" data-element_type=\"container\" data-e-type=\"container\">\n\t\t<div class=\"elementor-element elementor-element-40b40ab e-con-full e-flex e-con e-child\" data-id=\"40b40ab\" data-element_type=\"container\" data-e-type=\"container\" data-settings=\"{&quot;background_background&quot;:&quot;classic&quot;}\">\n\t\t\t\t<\/div>\n\t\t<div class=\"elementor-element elementor-element-a781966 e-con-full e-flex e-con e-child\" data-id=\"a781966\" data-element_type=\"container\" data-e-type=\"container\">\n\t\t\t\t<div class=\"elementor-element elementor-element-d0a6e04 elementor-widget elementor-widget-heading\" data-id=\"d0a6e04\" data-element_type=\"widget\" data-e-type=\"widget\" data-widget_type=\"heading.default\">\n\t\t\t\t\t<h3 class=\"elementor-heading-title elementor-size-default\">Klettern &amp; Abenteuer<\/h3>\t\t\t\t<\/div>\n\t\t\t\t<div class=\"elementor-element elementor-element-09c351c elementor-widget elementor-widget-text-editor\" data-id=\"09c351c\" data-element_type=\"widget\" data-e-type=\"widget\" data-widget_type=\"text-editor.default\">\n\t\t\t\t\t\t\t\t\t<p style=\"font-family: Inter,sans-serif; font-size: 14.4px; font-weight: 400; color: #78716c; line-height: 1.625; margin: 0 0 32px 0;\">F\u00fcr G\u00e4ste, die aktivere und herausfordernde Programme suchen, bietet die Region eine gro\u00dfe Auswahl an Kletter- und Abenteuererlebnissen. Sowohl Einsteiger als auch erfahrene Outdoor-Fans finden hier passende Routen und spannende M\u00f6glichkeiten. Die alpine Umgebung schafft ideale Voraussetzungen f\u00fcr Bewegung, Entdeckung und kleine Herausforderungen.<\/p>\t\t\t\t\t\t\t\t<\/div>\n\t\t\t\t<div class=\"elementor-element elementor-element-4ab7b7e elementor-widget elementor-widget-text-editor\" data-id=\"4ab7b7e\" data-element_type=\"widget\" data-e-type=\"widget\" data-widget_type=\"text-editor.default\">\n\t\t\t\t\t\t\t\t\t<p style=\"font-family: Inter,sans-serif; font-size: 14.4px; font-weight: 400; color: #78716c; line-height: 1.625; margin: 0 0 32px 0;\">\u2014 Via-ferrata-Routen (von Anf\u00e4nger bis Fortgeschrittene)<br>\u2014 Kletterg\u00e4rten<br>\u2014 Abenteuerparks und Hochseilg\u00e4rten<br>\u2014 Zipline-Erlebnisse<\/p>\t\t\t\t\t\t\t\t<\/div>\n\t\t\t\t<\/div>\n\t\t\t\t<\/div>\n\t\t\t\t<div class=\"elementor-element elementor-element-55c3cf2 elementor-widget elementor-widget-spacer\" data-id=\"55c3cf2\" data-element_type=\"widget\" data-e-type=\"widget\" data-widget_type=\"spacer.default\">\n\t\t\t\t\t\t\t<div class=\"elementor-spacer\">\n\t\t\t<div class=\"elementor-spacer-inner\"><\/div>\n\t\t<\/div>\n\t\t\t\t\t\t<\/div>\n\t\t<div class=\"elementor-element elementor-element-976a7d5 e-con-full e-flex e-con e-child\" data-id=\"976a7d5\" data-element_type=\"container\" data-e-type=\"container\">\n\t\t<div class=\"elementor-element elementor-element-6737c27 e-con-full e-flex e-con e-child\" data-id=\"6737c27\" data-element_type=\"container\" data-e-type=\"container\">\n\t\t\t\t<div class=\"elementor-element elementor-element-9a50099 elementor-widget elementor-widget-heading\" data-id=\"9a50099\" data-element_type=\"widget\" data-e-type=\"widget\" data-widget_type=\"heading.default\">\n\t\t\t\t\t<h3 class=\"elementor-heading-title elementor-size-default\">Adrenalin &amp; besondere Erlebnisse<\/h3>\t\t\t\t<\/div>\n\t\t\t\t<div class=\"elementor-element elementor-element-f022998 elementor-widget elementor-widget-text-editor\" data-id=\"f022998\" data-element_type=\"widget\" data-e-type=\"widget\" data-widget_type=\"text-editor.default\">\n\t\t\t\t\t\t\t\t\t<p style=\"font-family: Inter,sans-serif; font-size: 14.4px; font-weight: 400; color: #78716c; line-height: 1.625; margin: 0 0 32px 0;\">Wer dem Aufenthalt noch eine Extraportion Spannung hinzuf\u00fcgen m\u00f6chte, findet in der Region mehrere besondere Erlebnisse. Vom Tandem-Paragleiten mit Panoramablick bis zu rasanten Sommerfahrten zeigen diese Aktivit\u00e4ten die Berge aus einer anderen Perspektive. Sie sind ideal f\u00fcr alle, die alpine Erholung mit etwas mehr Adrenalin verbinden m\u00f6chten.<\/p>\t\t\t\t\t\t\t\t<\/div>\n\t\t\t\t<div class=\"elementor-element elementor-element-a823379 elementor-widget elementor-widget-text-editor\" data-id=\"a823379\" data-element_type=\"widget\" data-e-type=\"widget\" data-widget_type=\"text-editor.default\">\n\t\t\t\t\t\t\t\t\t<p style=\"font-family: Inter,sans-serif; font-size: 14.4px; font-weight: 400; color: #78716c; line-height: 1.625; margin: 0 0 32px 0;\">\u2014 Tandem-Paragleiten<br>\u2014 Sommerrodelbahn in Lienz<br>\u2014 Alpine Coaster<\/p>\t\t\t\t\t\t\t\t<\/div>\n\t\t\t\t<\/div>\n\t\t<div class=\"elementor-element elementor-element-91c839a e-con-full e-flex e-con e-child\" data-id=\"91c839a\" data-element_type=\"container\" data-e-type=\"container\" data-settings=\"{&quot;background_background&quot;:&quot;classic&quot;}\">\n\t\t\t\t<\/div>\n\t\t\t\t<\/div>\n\t\t\t\t<div class=\"elementor-element elementor-element-f24efbc elementor-widget elementor-widget-spacer\" data-id=\"f24efbc\" data-element_type=\"widget\" data-e-type=\"widget\" data-widget_type=\"spacer.default\">\n\t\t\t\t\t\t\t<div class=\"elementor-spacer\">\n\t\t\t<div class=\"elementor-spacer-inner\"><\/div>\n\t\t<\/div>\n\t\t\t\t\t\t<\/div>\n\t\t<div class=\"elementor-element elementor-element-bfe3039 e-con-full e-flex e-con e-child\" data-id=\"bfe3039\" data-element_type=\"container\" data-e-type=\"container\">\n\t\t<div class=\"elementor-element elementor-element-5fe278b e-con-full e-flex e-con e-child\" data-id=\"5fe278b\" data-element_type=\"container\" data-e-type=\"container\" data-settings=\"{&quot;background_background&quot;:&quot;classic&quot;}\">\n\t\t\t\t<\/div>\n\t\t<div class=\"elementor-element elementor-element-23d074f e-con-full e-flex e-con e-child\" data-id=\"23d074f\" data-element_type=\"container\" data-e-type=\"container\">\n\t\t\t\t<div class=\"elementor-element elementor-element-d3a0205 elementor-widget elementor-widget-heading\" data-id=\"d3a0205\" data-element_type=\"widget\" data-e-type=\"widget\" data-widget_type=\"heading.default\">\n\t\t\t\t\t<h3 class=\"elementor-heading-title elementor-size-default\">Familienfreundliche Aktivit\u00e4ten<\/h3>\t\t\t\t<\/div>\n\t\t\t\t<div class=\"elementor-element elementor-element-4131391 elementor-widget elementor-widget-text-editor\" data-id=\"4131391\" data-element_type=\"widget\" data-e-type=\"widget\" data-widget_type=\"text-editor.default\">\n\t\t\t\t\t\t\t\t\t<p style=\"font-family: Inter,sans-serif; font-size: 14.4px; font-weight: 400; color: #78716c; line-height: 1.625; margin: 0 0 32px 0;\">Die Region ist auch f\u00fcr Familien eine wunderbare Wahl und bietet leicht zug\u00e4ngliche, abwechslungsreiche Aktivit\u00e4ten f\u00fcr verschiedene Altersgruppen. Von entspannten Naturerlebnissen bis hin zu spielerischen Attraktionen gibt es viele M\u00f6glichkeiten f\u00fcr gemeinsame Urlaubsmomente. Diese Programme passen besonders gut zu einem ausgewogenen und vielseitigen Familienaufenthalt.<\/p>\t\t\t\t\t\t\t\t<\/div>\n\t\t\t\t<div class=\"elementor-element elementor-element-b7876a6 elementor-widget elementor-widget-text-editor\" data-id=\"b7876a6\" data-element_type=\"widget\" data-e-type=\"widget\" data-widget_type=\"text-editor.default\">\n\t\t\t\t\t\t\t\t\t<p style=\"font-family: Inter,sans-serif; font-size: 14.4px; font-weight: 400; color: #78716c; line-height: 1.625; margin: 0 0 32px 0;\">\u2014 Leichte Radwege<br>\u2014 Abenteuerparks<br>\u2014 Rodelbahn<br>\u2014 Entspannung am See (Tristacher See)<br>\u2014 Seilbahnausflug<\/p>\t\t\t\t\t\t\t\t<\/div>\n\t\t\t\t<\/div>\n\t\t\t\t<\/div>\n\t\t<div class=\"elementor-element elementor-element-e0bc752 e-con-full e-flex e-con e-child\" data-id=\"e0bc752\" data-element_type=\"container\" data-e-type=\"container\">\n\t\t<div class=\"elementor-element elementor-element-1086d35 e-con-full e-flex e-con e-child\" data-id=\"1086d35\" data-element_type=\"container\" data-e-type=\"container\">\n\t\t\t\t<div class=\"elementor-element elementor-element-88bc3b0 elementor-widget elementor-widget-heading\" data-id=\"88bc3b0\" data-element_type=\"widget\" data-e-type=\"widget\" data-widget_type=\"heading.default\">\n\t\t\t\t\t<h3 class=\"elementor-heading-title elementor-size-default\">Panorama &amp; leichte Aktivit\u00e4ten<\/h3>\t\t\t\t<\/div>\n\t\t\t\t<div class=\"elementor-element elementor-element-1cf0f4b elementor-widget elementor-widget-text-editor\" data-id=\"1cf0f4b\" data-element_type=\"widget\" data-e-type=\"widget\" data-widget_type=\"text-editor.default\">\n\t\t\t\t\t\t\t\t\t<p style=\"font-family: Inter,sans-serif; font-size: 14.4px; font-weight: 400; color: #78716c; line-height: 1.625; margin: 0 0 32px 0;\">Auch ohne lange Wanderungen oder anstrengende Touren bietet die Region viele sch\u00f6ne alpine Erlebnisse. Mit Seilbahnen erreichbare Aussichtspunkte und Panoramaorte ohne gr\u00f6\u00dfere k\u00f6rperliche Anstrengung erm\u00f6glichen es, die Berglandschaft ganz entspannt zu genie\u00dfen. Diese leichteren Aktivit\u00e4ten eignen sich ideal f\u00fcr ruhigere Tage oder entspannte Ausfl\u00fcge.<\/p>\t\t\t\t\t\t\t\t<\/div>\n\t\t\t\t<div class=\"elementor-element elementor-element-63a56e9 elementor-widget elementor-widget-text-editor\" data-id=\"63a56e9\" data-element_type=\"widget\" data-e-type=\"widget\" data-widget_type=\"text-editor.default\">\n\t\t\t\t\t\t\t\t\t<p style=\"font-family: Inter,sans-serif; font-size: 14.4px; font-weight: 400; color: #78716c; line-height: 1.625; margin: 0 0 32px 0;\">\u2014 Seilbahnfahrt: Lienzer Bergbahnen Zettersfeld<br>\u2014 Seilbahnfahrt: Lienzer Bergbahnen Hochstein<br>\u2014 Aussichtspunkte auch ohne Wanderung<\/p>\t\t\t\t\t\t\t\t<\/div>\n\t\t\t\t<\/div>\n\t\t<div class=\"elementor-element elementor-element-3698261 e-con-full e-flex e-con e-child\" data-id=\"3698261\" data-element_type=\"container\" data-e-type=\"container\" data-settings=\"{&quot;background_background&quot;:&quot;classic&quot;}\">\n\t\t\t\t<\/div>\n\t\t\t\t<\/div>\n\t\t<div class=\"elementor-element elementor-element-de8e418 e-con-full e-flex e-con e-child\" data-id=\"de8e418\" data-element_type=\"container\" data-e-type=\"container\">\n\t\t<div class=\"elementor-element elementor-element-6ffc350 e-con-full e-flex e-con e-child\" data-id=\"6ffc350\" data-element_type=\"container\" data-e-type=\"container\" data-settings=\"{&quot;background_background&quot;:&quot;classic&quot;}\">\n\t\t\t\t<\/div>\n\t\t<div class=\"elementor-element elementor-element-3541897 e-con-full e-flex e-con e-child\" data-id=\"3541897\" data-element_type=\"container\" data-e-type=\"container\">\n\t\t\t\t<div class=\"elementor-element elementor-element-273cc44 elementor-widget elementor-widget-heading\" data-id=\"273cc44\" data-element_type=\"widget\" data-e-type=\"widget\" data-widget_type=\"heading.default\">\n\t\t\t\t\t<h3 class=\"elementor-heading-title elementor-size-default\">St\u00e4dtische &amp; Kulturelle aktivit\u00e4ten<\/h3>\t\t\t\t<\/div>\n\t\t\t\t<div class=\"elementor-element elementor-element-95160ab elementor-widget elementor-widget-text-editor\" data-id=\"95160ab\" data-element_type=\"widget\" data-e-type=\"widget\" data-widget_type=\"text-editor.default\">\n\t\t\t\t\t\t\t\t\t<p style=\"font-family: Inter,sans-serif; font-size: 14.4px; font-weight: 400; color: #78716c; line-height: 1.625; margin: 0 0 32px 0;\">Ein Aufenthalt in der Region kann auch von Geschichte, Kultur und entspannten Momenten in der Stadt gepr\u00e4gt sein. Die charmante Altstadt von Lienz, kulturelle Sehensw\u00fcrdigkeiten und saisonale Veranstaltungen erg\u00e4nzen die aktiveren Bergprogramme auf angenehme Weise. Diese Erlebnisse eignen sich ideal f\u00fcr einen ruhigeren Nachmittag oder einen kleinen Perspektivwechsel w\u00e4hrend des Aufenthalts.<\/p>\t\t\t\t\t\t\t\t<\/div>\n\t\t\t\t<div class=\"elementor-element elementor-element-aac2ad7 elementor-widget elementor-widget-text-editor\" data-id=\"aac2ad7\" data-element_type=\"widget\" data-e-type=\"widget\" data-widget_type=\"text-editor.default\">\n\t\t\t\t\t\t\t\t\t<p style=\"font-family: Inter,sans-serif; font-size: 14.4px; font-weight: 400; color: #78716c; line-height: 1.625; margin: 0 0 32px 0;\">\u2014 Altstadt von Lienz<br>\u2014 Schloss Bruck (Museum)<br>\u2014 Lokale Veranstaltungen und M\u00e4rkte<\/p>\t\t\t\t\t\t\t\t<\/div>\n\t\t\t\t<\/div>\n\t\t\t\t<\/div>\n\t\t<div class=\"elementor-element elementor-element-183c0cc e-con-full e-flex e-con e-child\" data-id=\"183c0cc\" data-element_type=\"container\" data-e-type=\"container\">\n\t\t<div class=\"elementor-element elementor-element-10ba4e1 e-con-full e-flex e-con e-child\" data-id=\"10ba4e1\" data-element_type=\"container\" data-e-type=\"container\">\n\t\t\t\t<div class=\"elementor-element elementor-element-5f7febf elementor-widget elementor-widget-heading\" data-id=\"5f7febf\" data-element_type=\"widget\" data-e-type=\"widget\" data-widget_type=\"heading.default\">\n\t\t\t\t\t<h3 class=\"elementor-heading-title elementor-size-default\">Weitere aktive M\u00f6glichkeiten<\/h3>\t\t\t\t<\/div>\n\t\t\t\t<div class=\"elementor-element elementor-element-d4483d7 elementor-widget elementor-widget-text-editor\" data-id=\"d4483d7\" data-element_type=\"widget\" data-e-type=\"widget\" data-widget_type=\"text-editor.default\">\n\t\t\t\t\t\t\t\t\t<p style=\"font-family: Inter,sans-serif; font-size: 14.4px; font-weight: 400; color: #78716c; line-height: 1.625; margin: 0 0 32px 0;\">Neben den klassischen Bergaktivit\u00e4ten gibt es in der Region noch viele weitere M\u00f6glichkeiten, die Zeit aktiv zu gestalten. Diese Angebote verbinden Bewegung, Naturerlebnisse und Entspannung auf angenehme Weise. Sie sind ideal f\u00fcr G\u00e4ste, die auch andere Seiten der Umgebung entdecken m\u00f6chten.<\/p>\t\t\t\t\t\t\t\t<\/div>\n\t\t\t\t<div class=\"elementor-element elementor-element-0ba1c77 elementor-widget elementor-widget-text-editor\" data-id=\"0ba1c77\" data-element_type=\"widget\" data-e-type=\"widget\" data-widget_type=\"text-editor.default\">\n\t\t\t\t\t\t\t\t\t<p style=\"font-family: Inter,sans-serif; font-size: 14.4px; font-weight: 400; color: #78716c; line-height: 1.625; margin: 0 0 32px 0;\">\u2014 Reiten in alpiner Umgebung<br>\u2014 Bogenschie\u00dfen<br>\u2014 Wellness und Entspannung in Hotels<\/p>\t\t\t\t\t\t\t\t<\/div>\n\t\t\t\t<\/div>\n\t\t<div class=\"elementor-element elementor-element-c2f13b1 e-con-full e-flex e-con e-child\" data-id=\"c2f13b1\" data-element_type=\"container\" data-e-type=\"container\" data-settings=\"{&quot;background_background&quot;:&quot;classic&quot;}\">\n\t\t\t\t<\/div>\n\t\t\t\t<\/div>\n\t\t<div class=\"elementor-element elementor-element-108bd84 e-con-full e-flex e-con e-child\" data-id=\"108bd84\" data-element_type=\"container\" data-e-type=\"container\">\n\t\t<div class=\"elementor-element elementor-element-fae52ac e-con-full e-flex e-con e-child\" data-id=\"fae52ac\" data-element_type=\"container\" data-e-type=\"container\" data-settings=\"{&quot;background_background&quot;:&quot;classic&quot;}\">\n\t\t\t\t<\/div>\n\t\t<div class=\"elementor-element elementor-element-9cb8cf6 e-con-full e-flex e-con e-child\" data-id=\"9cb8cf6\" data-element_type=\"container\" data-e-type=\"container\">\n\t\t\t\t<div class=\"elementor-element elementor-element-5b15b2f elementor-widget elementor-widget-heading\" data-id=\"5b15b2f\" data-element_type=\"widget\" data-e-type=\"widget\" data-widget_type=\"heading.default\">\n\t\t\t\t\t<h3 class=\"elementor-heading-title elementor-size-default\">Kulinarische Erlebnisse<\/h3>\t\t\t\t<\/div>\n\t\t\t\t<div class=\"elementor-element elementor-element-5f9af4c elementor-widget elementor-widget-text-editor\" data-id=\"5f9af4c\" data-element_type=\"widget\" data-e-type=\"widget\" data-widget_type=\"text-editor.default\">\n\t\t\t\t\t\t\t\t\t<p style=\"font-family: Inter,sans-serif; font-size: 14.4px; font-weight: 400; color: #78716c; line-height: 1.625; margin: 0 0 32px 0;\">Die regionale K\u00fcche ist eine wunderbare Erg\u00e4nzung zu einem aktiven Aufenthalt und er\u00f6ffnet eine weitere Seite des Osttiroler Lebensgef\u00fchls. Von gem\u00fctlichen Bergh\u00fctten \u00fcber traditionelle Gerichte bis hin zu feiner Gastronomie und regionalen Spezialit\u00e4ten k\u00f6nnen G\u00e4ste die Region auch kulinarisch entdecken. Dieses Angebot ist ideal f\u00fcr alle, die Natur, Gastfreundschaft und guten Geschmack miteinander verbinden m\u00f6chten.<\/p>\t\t\t\t\t\t\t\t<\/div>\n\t\t\t\t<div class=\"elementor-element elementor-element-67e2aec elementor-widget elementor-widget-text-editor\" data-id=\"67e2aec\" data-element_type=\"widget\" data-e-type=\"widget\" data-widget_type=\"text-editor.default\">\n\t\t\t\t\t\t\t\t\t<p style=\"font-family: Inter,sans-serif; font-size: 14.4px; font-weight: 400; color: #78716c; line-height: 1.625; margin: 0 0 32px 0;\">\u2014 Bergh\u00fctten (z. B. rund um die Dolomitenh\u00fctte)<br>\u2014 Lokale Spezialit\u00e4ten: Brettljause, Kaiserschmarrn<br>\u2014 Alpine Biere, Radler<br>\u2014 Restaurants in Lienz<br>\u2014 Gourmetrestaurants in der Region<br>\u2014 Lokale K\u00e4sesorten und Tiroler Aromen<\/p>\t\t\t\t\t\t\t\t<\/div>\n\t\t\t\t<\/div>\n\t\t\t\t<\/div>\n\t\t\t\t<\/div>\n\t\t<div class=\"elementor-element elementor-element-9058067 e-con-full e-flex e-con e-parent\" data-id=\"9058067\" data-element_type=\"container\" data-e-type=\"container\" data-settings=\"{&quot;background_background&quot;:&quot;classic&quot;}\">\n\t\t\t\t<div class=\"elementor-element elementor-element-1ab3411 elementor-widget elementor-widget-heading\" data-id=\"1ab3411\" data-element_type=\"widget\" data-e-type=\"widget\" data-widget_type=\"heading.default\">\n\t\t\t\t\t<h2 class=\"elementor-heading-title elementor-size-default\">WE CAN HELP<\/h2>\t\t\t\t<\/div>\n\t\t\t\t<div class=\"elementor-element elementor-element-0f10a70 elementor-widget elementor-widget-text-editor\" data-id=\"0f10a70\" data-element_type=\"widget\" data-e-type=\"widget\" data-widget_type=\"text-editor.default\">\n\t\t\t\t\t\t\t\t\t<p style=\"text-align: center; font-family: Inter; font-size: 16px; color: rgba(255,255,255,0.75); line-height: 1.9; max-width: 500px; margin: 0 auto;\">We&#8217;re happy to recommend local guides, rental shops, and organise transport to activity starting points. Ask at reception on arrival.<\/p>\t\t\t\t\t\t\t\t<\/div>\n\t\t\t\t<div class=\"elementor-element elementor-element-4b6dc8d elementor-widget elementor-widget-spacer\" data-id=\"4b6dc8d\" data-element_type=\"widget\" data-e-type=\"widget\" data-widget_type=\"spacer.default\">\n\t\t\t\t\t\t\t<div class=\"elementor-spacer\">\n\t\t\t<div class=\"elementor-spacer-inner\"><\/div>\n\t\t<\/div>\n\t\t\t\t\t\t<\/div>\n\t\t\t\t<div class=\"elementor-element elementor-element-4b80ef5 elementor-align-center elementor-widget elementor-widget-button\" data-id=\"4b80ef5\" data-element_type=\"widget\" data-e-type=\"widget\" data-widget_type=\"button.default\">\n\t\t\t\t\t\t\t\t\t\t<a class=\"elementor-button elementor-button-link elementor-size-sm\" href=\"https:\/\/aineterhof.com\/stagingaineterhof\/en\/contact\/\">\n\t\t\t\t\t\t<span class=\"elementor-button-content-wrapper\">\n\t\t\t\t\t\t\t\t\t<span class=\"elementor-button-text\">Ask a question<\/span>\n\t\t\t\t\t<\/span>\n\t\t\t\t\t<\/a>\n\t\t\t\t\t\t\t\t<\/div>\n\t\t\t\t<\/div>\n\t\t\t\t<\/div>\n\t\t","protected":false},"excerpt":{"rendered":"<p>DIE REGION ENTDECKEN Aktivit\u00e4ten JUNI \u2013 SEPTEMBER Sommer Highlights Zu den eindrucksvollsten Erlebnissen der Region geh\u00f6ren Aktivit\u00e4ten, die alpine Landschaft, Bewegung und Abenteuer miteinander verbinden. Von Flusssportarten \u00fcber Bergtouren bis hin zu Panoramaerlebnissen aus der Luft z\u00e4hlen diese Angebote zu den beliebtesten M\u00f6glichkeiten f\u00fcr G\u00e4ste, die ihren Aufenthalt besonders intensiv genie\u00dfen m\u00f6chten. \u2014 Rafting auf [&hellip;]<\/p>\n","protected":false},"author":1,"featured_media":0,"parent":0,"menu_order":0,"comment_status":"closed","ping_status":"closed","template":"","meta":{"footnotes":""},"folder":[],"class_list":["post-502","page","type-page","status-publish","hentry"],"_links":{"self":[{"href":"https:\/\/aineterhof.com\/stagingaineterhof\/wp-json\/wp\/v2\/pages\/502","targetHints":{"allow":["GET"]}}],"collection":[{"href":"https:\/\/aineterhof.com\/stagingaineterhof\/wp-json\/wp\/v2\/pages"}],"about":[{"href":"https:\/\/aineterhof.com\/stagingaineterhof\/wp-json\/wp\/v2\/types\/page"}],"author":[{"embeddable":true,"href":"https:\/\/aineterhof.com\/stagingaineterhof\/wp-json\/wp\/v2\/users\/1"}],"replies":[{"embeddable":true,"href":"https:\/\/aineterhof.com\/stagingaineterhof\/wp-json\/wp\/v2\/comments?post=502"}],"version-history":[{"count":5,"href":"https:\/\/aineterhof.com\/stagingaineterhof\/wp-json\/wp\/v2\/pages\/502\/revisions"}],"predecessor-version":[{"id":687,"href":"https:\/\/aineterhof.com\/stagingaineterhof\/wp-json\/wp\/v2\/pages\/502\/revisions\/687"}],"wp:attachment":[{"href":"https:\/\/aineterhof.com\/stagingaineterhof\/wp-json\/wp\/v2\/media?parent=502"}],"wp:term":[{"taxonomy":"folder","embeddable":true,"href":"https:\/\/aineterhof.com\/stagingaineterhof\/wp-json\/wp\/v2\/folder?post=502"}],"curies":[{"name":"wp","href":"https:\/\/api.w.org\/{rel}","templated":true}]}}